{"id":2420,"date":"2019-08-24T16:46:53","date_gmt":"2019-08-24T14:46:53","guid":{"rendered":"http:\/\/gruene-olching.de\/blog\/?page_id=2420"},"modified":"2020-05-14T17:58:31","modified_gmt":"2020-05-14T15:58:31","slug":"kommunalwahl-2020","status":"publish","type":"page","link":"https:\/\/gruene-olching.de\/blog\/?page_id=2420","title":{"rendered":"Kommunalwahl 2020"},"content":{"rendered":"\n<p><a href=\"https:\/\/gruene-olching.de\/blog\/?p=3495\">Ergebnis<\/a><\/p>\n\n\n\n<p><\/p>\n\n\n\n<p>&#8212;&#8212;&#8212;-<\/p>\n\n\n\n<p>Am 15. M\u00e4rz werden in Olching B\u00fcrgermeister*in und Stadtrat neu gew\u00e4hlt und damit die Weichen f\u00fcr die n\u00e4chsten 6 Jahre gestellt.<\/p>\n\n\n\n<p>Auf unser Olching kommen zahlreiche Herausforderungen zu. Wir GR\u00dcNE wollen daf\u00fcr  sorgen, dass alle Ortsteile unserer sch\u00f6nen Heimatstadt noch lebenswerter werden. <\/p>\n\n\n\n<p>Mit neuen  Ideen und viel Kreativit\u00e4t wollen wir die Stadt Olching wirtschaftlich, sozial und \u00f6kologisch weiter entwickeln und bis 2030 klimaneutral werden.<\/p>\n\n\n\n<p>Miteinander haben wir die Chance die Zukunft zu gestalten!<\/p>\n\n\n\n<p>Jede Stimme z\u00e4hlt!<\/p>\n\n\n\n<p><\/p>\n\n\n\n<h3 class=\"wp-block-heading\">Das GR\u00dcNE TEAM f\u00fcr Olching<\/h3>\n\n\n\n<div class=\"wp-block-media-text alignwide\"><figure class=\"wp-block-media-text__media\"><img loading=\"lazy\" decoding=\"async\" width=\"448\" height=\"299\" src=\"https:\/\/gruene-olching.de\/blog\/wp-content\/uploads\/Michael3_Web.jpg\" alt=\"\" class=\"wp-image-2832\" srcset=\"https:\/\/gruene-olching.de\/blog\/wp-content\/uploads\/Michael3_Web.jpg 448w, https:\/\/gruene-olching.de\/blog\/wp-content\/uploads\/Michael3_Web-400x267.jpg 400w, https:\/\/gruene-olching.de\/blog\/wp-content\/uploads\/Michael3_Web-150x100.jpg 150w\" sizes=\"auto, (max-width: 448px) 100vw, 448px\" \/><\/figure><div class=\"wp-block-media-text__content\">\n<p><strong><a href=\"https:\/\/michaelmaier.fuer-die-gruenen.de\/buergermeister-kandidat\/\" target=\"_blank\" rel=\"noreferrer noopener\" aria-label=\" (\u00f6ffnet in neuem Tab)\">B\u00fcrgermeisterkandidat<\/a><\/strong><\/p>\n\n\n\n<p><strong><a href=\"https:\/\/michaelmaier.fuer-die-gruenen.de\/buergermeister-kandidat\/\" target=\"_blank\" rel=\"noreferrer noopener\" aria-label=\" (\u00f6ffnet in neuem Tab)\">Michael Maier<\/a><\/strong><\/p>\n<\/div><\/div>\n\n\n\n<div class=\"wp-block-media-text alignwide\"><figure class=\"wp-block-media-text__media\"><img loading=\"lazy\" decoding=\"async\" width=\"800\" height=\"600\" src=\"https:\/\/gruene-olching.de\/blog\/wp-content\/uploads\/P1020516-800x600.jpg\" alt=\"\" class=\"wp-image-2776\" srcset=\"https:\/\/gruene-olching.de\/blog\/wp-content\/uploads\/P1020516-800x600.jpg 800w, https:\/\/gruene-olching.de\/blog\/wp-content\/uploads\/P1020516-400x300.jpg 400w, https:\/\/gruene-olching.de\/blog\/wp-content\/uploads\/P1020516-150x113.jpg 150w, https:\/\/gruene-olching.de\/blog\/wp-content\/uploads\/P1020516.jpg 1024w\" sizes=\"auto, (max-width: 800px) 100vw, 800px\" \/><\/figure><div class=\"wp-block-media-text__content\">\n<p><strong><a href=\"https:\/\/gruene-olching.de\/blog\/?page_id=2907\">Stadtrat<\/a><\/strong><\/p>\n\n\n\n<p><strong><a href=\"https:\/\/gruene-olching.de\/blog\/?page_id=2907\">Die Kandidat*innen<\/a><\/strong><\/p>\n<\/div><\/div>\n\n\n\n<p><\/p>\n\n\n\n<h3 class=\"wp-block-heading\">Wahlprogramm<\/h3>\n\n\n\n<p>Gr\u00fcne Ideen setzen sich durch: <a rel=\"noreferrer noopener\" aria-label=\" (\u00f6ffnet in neuem Tab)\" href=\"https:\/\/gruene-olching.de\/blog\/wp-content\/uploads\/Wahlprogramm-2020_2026.pdf\" target=\"_blank\">Unser Olchinger Wahlprogramm<\/a><\/p>\n\n\n\n<h3 class=\"wp-block-heading\">Infomaterial<\/h3>\n\n\n\n<p>Folge uns auf <a href=\"http:\/\/fb.com\/grueneolching\" target=\"_blank\" rel=\"noreferrer noopener\" aria-label=\"Facebook (\u00f6ffnet in neuem Tab)\">Facebook<\/a><\/p>\n\n\n\n<p>Flyer im Download<\/p>\n","protected":false},"excerpt":{"rendered":"<p>Ergebnis &#8212;&#8212;&#8212;- Am 15. M\u00e4rz werden in Olching B\u00fcrgermeister*in und Stadtrat neu gew\u00e4hlt und damit die Weichen f\u00fcr die n\u00e4chsten 6 Jahre gestellt. Auf unser Olching kommen zahlreiche Herausforderungen zu&#8230;. <\/p>\n","protected":false},"author":5,"featured_media":0,"parent":0,"menu_order":0,"comment_status":"closed","ping_status":"closed","template":"","meta":{"footnotes":""},"class_list":["post-2420","page","type-page","status-publish","hentry"],"_links":{"self":[{"href":"https:\/\/gruene-olching.de\/blog\/index.php?rest_route=\/wp\/v2\/pages\/2420","targetHints":{"allow":["GET"]}}],"collection":[{"href":"https:\/\/gruene-olching.de\/blog\/index.php?rest_route=\/wp\/v2\/pages"}],"about":[{"href":"https:\/\/gruene-olching.de\/blog\/index.php?rest_route=\/wp\/v2\/types\/page"}],"author":[{"embeddable":true,"href":"https:\/\/gruene-olching.de\/blog\/index.php?rest_route=\/wp\/v2\/users\/5"}],"replies":[{"embeddable":true,"href":"https:\/\/gruene-olching.de\/blog\/index.php?rest_route=%2Fwp%2Fv2%2Fcomments&post=2420"}],"version-history":[{"count":14,"href":"https:\/\/gruene-olching.de\/blog\/index.php?rest_route=\/wp\/v2\/pages\/2420\/revisions"}],"predecessor-version":[{"id":3681,"href":"https:\/\/gruene-olching.de\/blog\/index.php?rest_route=\/wp\/v2\/pages\/2420\/revisions\/3681"}],"wp:attachment":[{"href":"https:\/\/gruene-olching.de\/blog\/index.php?rest_route=%2Fwp%2Fv2%2Fmedia&parent=2420"}],"curies":[{"name":"wp","href":"https:\/\/api.w.org\/{rel}","templated":true}]}}